{"version":"1.0","provider_name":"Faus Moliner","provider_url":"https:\/\/faus-moliner.com\/ca\/","author_name":"Jordi Faus","author_url":"https:\/\/faus-moliner.com\/ca\/author\/jordi-faus\/","title":"A favor de la colaboraci\u00f3n p\u00fablico-privada - Faus Moliner","type":"rich","width":600,"height":338,"html":"<blockquote class=\"wp-embedded-content\" data-secret=\"kJio3XXY0L\"><a href=\"https:\/\/faus-moliner.com\/ca\/a-favor-de-la-colaboracion-publico-privada\/\">A favor de la colaboraci\u00f3n p\u00fablico-privada<\/a><\/blockquote><iframe sandbox=\"allow-scripts\" security=\"restricted\" src=\"https:\/\/faus-moliner.com\/ca\/a-favor-de-la-colaboracion-publico-privada\/embed\/#?secret=kJio3XXY0L\" width=\"600\" height=\"338\" title=\"&#8220;A favor de la colaboraci\u00f3n p\u00fablico-privada&#8221; &#8212; Faus Moliner\" data-secret=\"kJio3XXY0L\" frameborder=\"0\" marginwidth=\"0\" marginheight=\"0\" scrolling=\"no\" class=\"wp-embedded-content\"><\/iframe><script type=\"text\/javascript\">\n\/* <![CDATA[ *\/\n\/*! This file is auto-generated *\/\n!function(d,l){\"use strict\";l.querySelector&&d.addEventListener&&\"undefined\"!=typeof URL&&(d.wp=d.wp||{},d.wp.receiveEmbedMessage||(d.wp.receiveEmbedMessage=function(e){var t=e.data;if((t||t.secret||t.message||t.value)&&!\/[^a-zA-Z0-9]\/.test(t.secret)){for(var s,r,n,a=l.querySelectorAll('iframe[data-secret=\"'+t.secret+'\"]'),o=l.querySelectorAll('blockquote[data-secret=\"'+t.secret+'\"]'),c=new RegExp(\"^https?:$\",\"i\"),i=0;i<o.length;i++)o[i].style.display=\"none\";for(i=0;i<a.length;i++)s=a[i],e.source===s.contentWindow&&(s.removeAttribute(\"style\"),\"height\"===t.message?(1e3<(r=parseInt(t.value,10))?r=1e3:~~r<200&&(r=200),s.height=r):\"link\"===t.message&&(r=new URL(s.getAttribute(\"src\")),n=new URL(t.value),c.test(n.protocol))&&n.host===r.host&&l.activeElement===s&&(d.top.location.href=t.value))}},d.addEventListener(\"message\",d.wp.receiveEmbedMessage,!1),l.addEventListener(\"DOMContentLoaded\",function(){for(var e,t,s=l.querySelectorAll(\"iframe.wp-embedded-content\"),r=0;r<s.length;r++)(t=(e=s[r]).getAttribute(\"data-secret\"))||(t=Math.random().toString(36).substring(2,12),e.src+=\"#?secret=\"+t,e.setAttribute(\"data-secret\",t)),e.contentWindow.postMessage({message:\"ready\",secret:t},\"*\")},!1)))}(window,document);\n\/\/# sourceURL=https:\/\/faus-moliner.com\/wp-includes\/js\/wp-embed.min.js\n\/* ]]> *\/\n<\/script>\n","description":"Cualquier iniciativa de colaboraci\u00f3n p\u00fablico-privada para la investigaci\u00f3n, desarrollo y posterior comercializaci\u00f3n de medicamentos es una buena noticia. Buena no, buen\u00edsima. La Ley 9\/2017 de Contratos del Sector P\u00fablico, en su d\u00eda, suprimi\u00f3 la figura del contrato de colaboraci\u00f3n p\u00fablico privada. En la Exposici\u00f3n de Motivos de la Ley se justificaba esta supresi\u00f3n haciendo referencia... M\u00e9s informaci\u00f3"}